{"id":3676,"date":"2023-10-03T09:12:18","date_gmt":"2023-10-03T12:12:18","guid":{"rendered":"https:\/\/pousadavargemdocedro.com.br\/site\/?page_id=3676"},"modified":"2023-11-21T20:26:52","modified_gmt":"2023-11-21T23:26:52","slug":"pontos-turisticos","status":"publish","type":"page","link":"https:\/\/pousadavargemdocedro.com.br\/site\/pontos-turisticos\/","title":{"rendered":"Pontos Tur\u00edsticos"},"content":{"rendered":"\t\t<div data-elementor-type=\"wp-page\" data-elementor-id=\"3676\" class=\"elementor elementor-3676\">\n\t\t\t\t\t\t\t<div class=\"elementor-element elementor-element-2a8591b e-con-full e-flex e-con e-parent\" data-id=\"2a8591b\" data-element_type=\"container\" data-settings=\"{&quot;content_width&quot;:&quot;full&quot;,&quot;container_type&quot;:&quot;flex&quot;}\" data-core-v316-plus=\"true\">\n\t\t\t\t<div class=\"elementor-element elementor-element-b953e6c elementor-widget elementor-widget-heading\" data-id=\"b953e6c\" data-element_type=\"widget\" data-widget_type=\"heading.default\">\n\t\t\t\t<div class=\"elementor-widget-container\">\n\t\t\t<style>\/*! elementor - v3.17.0 - 08-11-2023 *\/\n.elementor-heading-title{padding:0;margin:0;line-height:1}.elementor-widget-heading .elementor-heading-title[class*=elementor-size-]>a{color:inherit;font-size:inherit;line-height:inherit}.elementor-widget-heading .elementor-heading-title.elementor-size-small{font-size:15px}.elementor-widget-heading .elementor-heading-title.elementor-size-medium{font-size:19px}.elementor-widget-heading .elementor-heading-title.elementor-size-large{font-size:29px}.elementor-widget-heading .elementor-heading-title.elementor-size-xl{font-size:39px}.elementor-widget-heading .elementor-heading-title.elementor-size-xxl{font-size:59px}<\/style><h2 class=\"elementor-heading-title elementor-size-default\">Pontos Tur\u00edsticos<\/h2>\t\t<\/div>\n\t\t\t\t<\/div>\n\t\t<div class=\"elementor-element elementor-element-11502c8 e-con-full e-flex e-con e-child\" data-id=\"11502c8\" data-element_type=\"container\" data-settings=\"{&quot;content_width&quot;:&quot;full&quot;,&quot;container_type&quot;:&quot;flex&quot;}\">\n\t\t\t\t<div class=\"elementor-element elementor-element-5e95a27 elementor--h-position-center elementor--v-position-middle elementor-widget elementor-widget-slides\" data-id=\"5e95a27\" data-element_type=\"widget\" data-settings=\"{&quot;navigation&quot;:&quot;none&quot;,&quot;autoplay&quot;:&quot;yes&quot;,&quot;autoplay_speed&quot;:5000,&quot;infinite&quot;:&quot;yes&quot;,&quot;transition&quot;:&quot;slide&quot;,&quot;transition_speed&quot;:500}\" data-widget_type=\"slides.default\">\n\t\t\t\t<div class=\"elementor-widget-container\">\n\t\t\t<style>\/*! elementor-pro - v3.6.3 - 28-02-2022 *\/\n.elementor-slides .swiper-slide-bg{background-size:cover;background-position:50%;background-repeat:no-repeat;min-width:100%;min-height:100%}.elementor-slides .swiper-slide-inner{background-repeat:no-repeat;background-position:50%;position:absolute;top:0;left:0;bottom:0;right:0;padding:50px;margin:auto}.elementor-slides .swiper-slide-inner,.elementor-slides .swiper-slide-inner:hover{color:#fff;display:-webkit-box;display:-ms-flexbox;display:flex}.elementor-slides .swiper-slide-inner .elementor-background-overlay{position:absolute;z-index:0;top:0;bottom:0;left:0;right:0}.elementor-slides .swiper-slide-inner .elementor-slide-content{position:relative;z-index:1;width:100%}.elementor-slides .swiper-slide-inner .elementor-slide-heading{font-size:35px;font-weight:700;line-height:1}.elementor-slides .swiper-slide-inner .elementor-slide-description{font-size:17px;line-height:1.4}.elementor-slides .swiper-slide-inner .elementor-slide-description:not(:last-child),.elementor-slides .swiper-slide-inner .elementor-slide-heading:not(:last-child){margin-bottom:30px}.elementor-slides .swiper-slide-inner .elementor-slide-button{border:2px solid #fff;color:#fff;background:transparent;display:inline-block}.elementor-slides .swiper-slide-inner .elementor-slide-button,.elementor-slides .swiper-slide-inner .elementor-slide-button:hover{background:transparent;color:inherit;text-decoration:none}.elementor--v-position-top .swiper-slide-inner{-webkit-box-align:start;-ms-flex-align:start;align-items:flex-start}.elementor--v-position-bottom .swiper-slide-inner{-webkit-box-align:end;-ms-flex-align:end;align-items:flex-end}.elementor--v-position-middle .swiper-slide-inner{-webkit-box-align:center;-ms-flex-align:center;align-items:center}.elementor--h-position-left .swiper-slide-inner{-webkit-box-pack:start;-ms-flex-pack:start;justify-content:flex-start}.elementor--h-position-right .swiper-slide-inner{-webkit-box-pack:end;-ms-flex-pack:end;justify-content:flex-end}.elementor--h-position-center .swiper-slide-inner{-webkit-box-pack:center;-ms-flex-pack:center;justify-content:center}body.rtl .elementor-widget-slides .elementor-swiper-button-next{left:10px;right:auto}body.rtl .elementor-widget-slides .elementor-swiper-button-prev{right:10px;left:auto}.elementor-slides-wrapper div:not(.swiper-slide)>.swiper-slide-inner{display:none}@media (max-width:767px){.elementor-slides .swiper-slide-inner{padding:30px}.elementor-slides .swiper-slide-inner .elementor-slide-heading{font-size:23px;line-height:1;margin-bottom:15px}.elementor-slides .swiper-slide-inner .elementor-slide-description{font-size:13px;line-height:1.4;margin-bottom:15px}}<\/style>\t\t<div class=\"elementor-swiper\">\n\t\t\t<div class=\"elementor-slides-wrapper elementor-main-swiper swiper-container\" dir=\"ltr\" data-animation=\"fadeInUp\">\n\t\t\t\t<div class=\"swiper-wrapper elementor-slides\">\n\t\t\t\t\t\t\t\t\t\t<div class=\"elementor-repeater-item-dc72d29 swiper-slide\"><div class=\"swiper-slide-bg\"><\/div><div class=\"swiper-slide-inner\" ><div class=\"swiper-slide-contents\"><div class=\"elementor-slide-heading\">\"O para\u00edso \u00e9 uma quest\u00e3o pessoal.\"<\/div><\/div><\/div><\/div><div class=\"elementor-repeater-item-8e33ad0 swiper-slide\"><div class=\"swiper-slide-bg\"><\/div><div class=\"swiper-slide-inner\" ><div class=\"swiper-slide-contents\"><div class=\"elementor-slide-heading\">\"O para\u00edso \u00e9 uma quest\u00e3o pessoal.\"<\/div><\/div><\/div><\/div>\t\t\t\t<\/div>\n\t\t\t\t\t\t\t\t\t\t\t\t\t\t\t\t\t\t\t\t\t<\/div>\n\t\t<\/div>\n\t\t\t\t<\/div>\n\t\t\t\t<\/div>\n\t\t\t\t<\/div>\n\t\t\t\t<\/div>\n\t\t<div class=\"elementor-element elementor-element-3ca2262 e-flex e-con-boxed e-con e-parent\" data-id=\"3ca2262\" data-element_type=\"container\" data-settings=\"{&quot;container_type&quot;:&quot;flex&quot;,&quot;content_width&quot;:&quot;boxed&quot;}\" data-core-v316-plus=\"true\">\n\t\t\t\t\t<div class=\"e-con-inner\">\n\t\t<div class=\"elementor-element elementor-element-8b1da0e e-con-full e-flex e-con e-child\" data-id=\"8b1da0e\" data-element_type=\"container\" data-settings=\"{&quot;content_width&quot;:&quot;full&quot;,&quot;container_type&quot;:&quot;flex&quot;}\">\n\t\t<div class=\"elementor-element elementor-element-4d869de e-con-full e-flex e-con e-child\" data-id=\"4d869de\" data-element_type=\"container\" data-settings=\"{&quot;content_width&quot;:&quot;full&quot;,&quot;container_type&quot;:&quot;flex&quot;}\">\n\t\t\t\t<div class=\"elementor-element elementor-element-0e56f02 elementor-widget elementor-widget-image\" data-id=\"0e56f02\" data-element_type=\"widget\" data-widget_type=\"image.default\">\n\t\t\t\t<div class=\"elementor-widget-container\">\n\t\t\t<style>\/*! elementor - v3.17.0 - 08-11-2023 *\/\n.elementor-widget-image{text-align:center}.elementor-widget-image a{display:inline-block}.elementor-widget-image a img[src$=\".svg\"]{width:48px}.elementor-widget-image img{vertical-align:middle;display:inline-block}<\/style>\t\t\t\t\t\t\t\t\t\t\t\t<img loading=\"lazy\" decoding=\"async\" width=\"800\" height=\"600\" src=\"https:\/\/pousadavargemdocedro.com.br\/site\/wp-content\/uploads\/2023\/10\/Cachoeira-Boa-Esperanca-1024x768.jpg\" class=\"attachment-large size-large wp-image-4038\" alt=\"\" srcset=\"https:\/\/pousadavargemdocedro.com.br\/site\/wp-content\/uploads\/2023\/10\/Cachoeira-Boa-Esperanca-1024x768.jpg 1024w, https:\/\/pousadavargemdocedro.com.br\/site\/wp-content\/uploads\/2023\/10\/Cachoeira-Boa-Esperanca-300x225.jpg 300w, https:\/\/pousadavargemdocedro.com.br\/site\/wp-content\/uploads\/2023\/10\/Cachoeira-Boa-Esperanca-768x576.jpg 768w, https:\/\/pousadavargemdocedro.com.br\/site\/wp-content\/uploads\/2023\/10\/Cachoeira-Boa-Esperanca.jpg 1360w\" sizes=\"auto, (max-width: 800px) 100vw, 800px\" \/>\t\t\t\t\t\t\t\t\t\t\t\t\t\t\t<\/div>\n\t\t\t\t<\/div>\n\t\t\t\t<div class=\"elementor-element elementor-element-50da467 elementor-widget elementor-widget-heading\" data-id=\"50da467\" data-element_type=\"widget\" data-widget_type=\"heading.default\">\n\t\t\t\t<div class=\"elementor-widget-container\">\n\t\t\t<h2 class=\"elementor-heading-title elementor-size-default\">Cachoeira Boa Esperan\u00e7a<\/h2>\t\t<\/div>\n\t\t\t\t<\/div>\n\t\t\t\t<div class=\"elementor-element elementor-element-acdb1b4 elementor-widget elementor-widget-text-editor\" data-id=\"acdb1b4\" data-element_type=\"widget\" data-widget_type=\"text-editor.default\">\n\t\t\t\t<div class=\"elementor-widget-container\">\n\t\t\t<style>\/*! elementor - v3.17.0 - 08-11-2023 *\/\n.elementor-widget-text-editor.elementor-drop-cap-view-stacked .elementor-drop-cap{background-color:#69727d;color:#fff}.elementor-widget-text-editor.elementor-drop-cap-view-framed .elementor-drop-cap{color:#69727d;border:3px solid;background-color:transparent}.elementor-widget-text-editor:not(.elementor-drop-cap-view-default) .elementor-drop-cap{margin-top:8px}.elementor-widget-text-editor:not(.elementor-drop-cap-view-default) .elementor-drop-cap-letter{width:1em;height:1em}.elementor-widget-text-editor .elementor-drop-cap{float:left;text-align:center;line-height:1;font-size:50px}.elementor-widget-text-editor .elementor-drop-cap-letter{display:inline-block}<\/style>\t\t\t\t<p>Endere\u00e7o: Belo Vale, MG, 35473-000<\/p>\t\t\t\t\t\t<\/div>\n\t\t\t\t<\/div>\n\t\t\t\t<\/div>\n\t\t<div class=\"elementor-element elementor-element-aca9961 e-con-full e-flex e-con e-child\" data-id=\"aca9961\" data-element_type=\"container\" data-settings=\"{&quot;content_width&quot;:&quot;full&quot;,&quot;container_type&quot;:&quot;flex&quot;}\">\n\t\t\t\t<div class=\"elementor-element elementor-element-101d6f8 elementor-widget elementor-widget-image\" data-id=\"101d6f8\" data-element_type=\"widget\" data-widget_type=\"image.default\">\n\t\t\t\t<div class=\"elementor-widget-container\">\n\t\t\t\t\t\t\t\t\t\t\t\t\t\t\t<img loading=\"lazy\" decoding=\"async\" width=\"800\" height=\"450\" src=\"https:\/\/pousadavargemdocedro.com.br\/site\/wp-content\/uploads\/2023\/10\/cachoeira-do-mascate-1024x576.jpg\" class=\"attachment-large size-large wp-image-4039\" alt=\"\" srcset=\"https:\/\/pousadavargemdocedro.com.br\/site\/wp-content\/uploads\/2023\/10\/cachoeira-do-mascate-1024x576.jpg 1024w, https:\/\/pousadavargemdocedro.com.br\/site\/wp-content\/uploads\/2023\/10\/cachoeira-do-mascate-300x169.jpg 300w, https:\/\/pousadavargemdocedro.com.br\/site\/wp-content\/uploads\/2023\/10\/cachoeira-do-mascate-768x432.jpg 768w, https:\/\/pousadavargemdocedro.com.br\/site\/wp-content\/uploads\/2023\/10\/cachoeira-do-mascate.jpg 1360w\" sizes=\"auto, (max-width: 800px) 100vw, 800px\" \/>\t\t\t\t\t\t\t\t\t\t\t\t\t\t\t<\/div>\n\t\t\t\t<\/div>\n\t\t\t\t<div class=\"elementor-element elementor-element-b6a2fbd elementor-widget elementor-widget-heading\" data-id=\"b6a2fbd\" data-element_type=\"widget\" data-widget_type=\"heading.default\">\n\t\t\t\t<div class=\"elementor-widget-container\">\n\t\t\t<h2 class=\"elementor-heading-title elementor-size-default\">Cachoeira do Mascate<\/h2>\t\t<\/div>\n\t\t\t\t<\/div>\n\t\t\t\t<div class=\"elementor-element elementor-element-b7ffeda elementor-widget elementor-widget-text-editor\" data-id=\"b7ffeda\" data-element_type=\"widget\" data-widget_type=\"text-editor.default\">\n\t\t\t\t<div class=\"elementor-widget-container\">\n\t\t\t\t\t\t\t<p>Endere\u00e7o: MG-442 &#8211; Belo Vale, MG, 35473-000<\/p>\t\t\t\t\t\t<\/div>\n\t\t\t\t<\/div>\n\t\t\t\t<\/div>\n\t\t\t\t<\/div>\n\t\t\t\t\t<\/div>\n\t\t\t\t<\/div>\n\t\t<div class=\"elementor-element elementor-element-79c4f3c e-flex e-con-boxed e-con e-parent\" data-id=\"79c4f3c\" data-element_type=\"container\" data-settings=\"{&quot;container_type&quot;:&quot;flex&quot;,&quot;content_width&quot;:&quot;boxed&quot;}\" data-core-v316-plus=\"true\">\n\t\t\t\t\t<div class=\"e-con-inner\">\n\t\t<div class=\"elementor-element elementor-element-00b60bd e-con-full e-flex e-con e-child\" data-id=\"00b60bd\" data-element_type=\"container\" data-settings=\"{&quot;content_width&quot;:&quot;full&quot;,&quot;container_type&quot;:&quot;flex&quot;}\">\n\t\t<div class=\"elementor-element elementor-element-290d46a e-con-full e-flex e-con e-child\" data-id=\"290d46a\" data-element_type=\"container\" data-settings=\"{&quot;content_width&quot;:&quot;full&quot;,&quot;container_type&quot;:&quot;flex&quot;}\">\n\t\t\t\t<div class=\"elementor-element elementor-element-206f1e1 elementor-widget elementor-widget-image\" data-id=\"206f1e1\" data-element_type=\"widget\" data-widget_type=\"image.default\">\n\t\t\t\t<div class=\"elementor-widget-container\">\n\t\t\t\t\t\t\t\t\t\t\t\t\t\t\t<img loading=\"lazy\" decoding=\"async\" width=\"765\" height=\"1020\" src=\"https:\/\/pousadavargemdocedro.com.br\/site\/wp-content\/uploads\/2023\/10\/cachoeira-do-Geraldao.jpg\" class=\"attachment-large size-large wp-image-4040\" alt=\"\" srcset=\"https:\/\/pousadavargemdocedro.com.br\/site\/wp-content\/uploads\/2023\/10\/cachoeira-do-Geraldao.jpg 765w, https:\/\/pousadavargemdocedro.com.br\/site\/wp-content\/uploads\/2023\/10\/cachoeira-do-Geraldao-225x300.jpg 225w\" sizes=\"auto, (max-width: 765px) 100vw, 765px\" \/>\t\t\t\t\t\t\t\t\t\t\t\t\t\t\t<\/div>\n\t\t\t\t<\/div>\n\t\t\t\t<div class=\"elementor-element elementor-element-cb7f16e elementor-widget elementor-widget-heading\" data-id=\"cb7f16e\" data-element_type=\"widget\" data-widget_type=\"heading.default\">\n\t\t\t\t<div class=\"elementor-widget-container\">\n\t\t\t<h2 class=\"elementor-heading-title elementor-size-default\">Cachoeira do Gerald\u00e3o<\/h2>\t\t<\/div>\n\t\t\t\t<\/div>\n\t\t\t\t<div class=\"elementor-element elementor-element-8261804 elementor-widget elementor-widget-text-editor\" data-id=\"8261804\" data-element_type=\"widget\" data-widget_type=\"text-editor.default\">\n\t\t\t\t<div class=\"elementor-widget-container\">\n\t\t\t\t\t\t\t<p>Endere\u00e7o: Belo Vale &#8211; MG, 35473-000<\/p>\t\t\t\t\t\t<\/div>\n\t\t\t\t<\/div>\n\t\t\t\t<\/div>\n\t\t<div class=\"elementor-element elementor-element-7f58b8e e-con-full e-flex e-con e-child\" data-id=\"7f58b8e\" data-element_type=\"container\" data-settings=\"{&quot;content_width&quot;:&quot;full&quot;,&quot;container_type&quot;:&quot;flex&quot;}\">\n\t\t\t\t<div class=\"elementor-element elementor-element-e283ff6 elementor-widget elementor-widget-image\" data-id=\"e283ff6\" data-element_type=\"widget\" data-widget_type=\"image.default\">\n\t\t\t\t<div class=\"elementor-widget-container\">\n\t\t\t\t\t\t\t\t\t\t\t\t\t\t\t<img loading=\"lazy\" decoding=\"async\" width=\"765\" height=\"1020\" src=\"https:\/\/pousadavargemdocedro.com.br\/site\/wp-content\/uploads\/2023\/10\/quilombo01.jpg\" class=\"attachment-large size-large wp-image-4041\" alt=\"\" srcset=\"https:\/\/pousadavargemdocedro.com.br\/site\/wp-content\/uploads\/2023\/10\/quilombo01.jpg 765w, https:\/\/pousadavargemdocedro.com.br\/site\/wp-content\/uploads\/2023\/10\/quilombo01-225x300.jpg 225w\" sizes=\"auto, (max-width: 765px) 100vw, 765px\" \/>\t\t\t\t\t\t\t\t\t\t\t\t\t\t\t<\/div>\n\t\t\t\t<\/div>\n\t\t\t\t<div class=\"elementor-element elementor-element-7697894 elementor-widget elementor-widget-heading\" data-id=\"7697894\" data-element_type=\"widget\" data-widget_type=\"heading.default\">\n\t\t\t\t<div class=\"elementor-widget-container\">\n\t\t\t<h2 class=\"elementor-heading-title elementor-size-default\">Quilombo da Chacrinha<\/h2>\t\t<\/div>\n\t\t\t\t<\/div>\n\t\t\t\t<div class=\"elementor-element elementor-element-e42b1d9 elementor-widget elementor-widget-text-editor\" data-id=\"e42b1d9\" data-element_type=\"widget\" data-widget_type=\"text-editor.default\">\n\t\t\t\t<div class=\"elementor-widget-container\">\n\t\t\t\t\t\t\t<p>Comunidade Quilombola Chacrinha dos Pretos reconhecida como Patrim\u00f4nio Cultural Imaterial de Belo Vale -MG.<br \/>O Quilombo Chacrinha dos Pretos formou-se ao longo de cento e oitenta e um (181) anos numa faixa territorial envolvida pelas trajet\u00f3rias hist\u00f3ricas de duas fazendas: Ch\u00e1cara e Santa Cec\u00edlia. As ru\u00ednas desta fazenda, que comp\u00f5em o S\u00edtio Arqueol\u00f3gico das Ru\u00ednas da Chacrinha dos Pretos, representam para a Comunidade local o in\u00edcio da forma\u00e7\u00e3o do Quilombo.<\/p>\t\t\t\t\t\t<\/div>\n\t\t\t\t<\/div>\n\t\t\t\t<\/div>\n\t\t\t\t<\/div>\n\t\t\t\t\t<\/div>\n\t\t\t\t<\/div>\n\t\t<div class=\"elementor-element elementor-element-83c1b36 e-flex e-con-boxed e-con e-parent\" data-id=\"83c1b36\" data-element_type=\"container\" data-settings=\"{&quot;container_type&quot;:&quot;flex&quot;,&quot;content_width&quot;:&quot;boxed&quot;}\" data-core-v316-plus=\"true\">\n\t\t\t\t\t<div class=\"e-con-inner\">\n\t\t<div class=\"elementor-element elementor-element-c351059 e-con-full e-flex e-con e-child\" data-id=\"c351059\" data-element_type=\"container\" data-settings=\"{&quot;content_width&quot;:&quot;full&quot;,&quot;container_type&quot;:&quot;flex&quot;}\">\n\t\t<div class=\"elementor-element elementor-element-111c3aa e-con-full e-flex e-con e-child\" data-id=\"111c3aa\" data-element_type=\"container\" data-settings=\"{&quot;content_width&quot;:&quot;full&quot;,&quot;container_type&quot;:&quot;flex&quot;}\">\n\t\t\t\t<div class=\"elementor-element elementor-element-3bcc47d elementor-widget elementor-widget-image\" data-id=\"3bcc47d\" data-element_type=\"widget\" data-widget_type=\"image.default\">\n\t\t\t\t<div class=\"elementor-widget-container\">\n\t\t\t\t\t\t\t\t\t\t\t\t\t\t\t<img loading=\"lazy\" decoding=\"async\" width=\"800\" height=\"389\" src=\"https:\/\/pousadavargemdocedro.com.br\/site\/wp-content\/uploads\/2023\/10\/museo-1024x498.jpg\" class=\"attachment-large size-large wp-image-4045\" alt=\"\" srcset=\"https:\/\/pousadavargemdocedro.com.br\/site\/wp-content\/uploads\/2023\/10\/museo-1024x498.jpg 1024w, https:\/\/pousadavargemdocedro.com.br\/site\/wp-content\/uploads\/2023\/10\/museo-300x146.jpg 300w, https:\/\/pousadavargemdocedro.com.br\/site\/wp-content\/uploads\/2023\/10\/museo-768x374.jpg 768w, https:\/\/pousadavargemdocedro.com.br\/site\/wp-content\/uploads\/2023\/10\/museo.jpg 1200w\" sizes=\"auto, (max-width: 800px) 100vw, 800px\" \/>\t\t\t\t\t\t\t\t\t\t\t\t\t\t\t<\/div>\n\t\t\t\t<\/div>\n\t\t\t\t<div class=\"elementor-element elementor-element-4d4b400 elementor-widget elementor-widget-heading\" data-id=\"4d4b400\" data-element_type=\"widget\" data-widget_type=\"heading.default\">\n\t\t\t\t<div class=\"elementor-widget-container\">\n\t\t\t<h2 class=\"elementor-heading-title elementor-size-default\">Museu do Escravo<\/h2>\t\t<\/div>\n\t\t\t\t<\/div>\n\t\t\t\t<div class=\"elementor-element elementor-element-0021087 elementor-widget elementor-widget-text-editor\" data-id=\"0021087\" data-element_type=\"widget\" data-widget_type=\"text-editor.default\">\n\t\t\t\t<div class=\"elementor-widget-container\">\n\t\t\t\t\t\t\t<p>O Museu do Escravo situado em Belo Vale \u00e9 uma institui\u00e7\u00e3o \u00fanica no pa\u00eds. Dedicado \u00e0 reflex\u00e3o sobre a escravid\u00e3o brasileira, O Museu do Escravo foi criado oficialmente em 10 de abril de 1975 atrav\u00e9s da Lei Municipal N\u00ba 501\/75, a partir da mobiliza\u00e7\u00e3o criada pelo belo-valense Pe. Jos\u00e9 Luciano Jacques Penido, sendo instalado na Fazenda Boa Esperan\u00e7a, Zona Rural de Belo Vale, fazenda esta, constru\u00edda no \u00faltimo quartel do s\u00e9culo XVIII e que pertenceu ao Sr. Romualdo Jos\u00e9 Monteiro de Barros -Bar\u00e3o do Paraopeba. Em 1988, ano do Centen\u00e1rio da Aboli\u00e7\u00e3o da Escravatura Brasileira, o Museu foi inaugurado ao lado da Igreja Matriz de S\u00e3o Gon\u00e7alo da Ponte, na sede municipal de Belo Vale.<\/p>\t\t\t\t\t\t<\/div>\n\t\t\t\t<\/div>\n\t\t\t\t<\/div>\n\t\t<div class=\"elementor-element elementor-element-717e98b e-con-full e-flex e-con e-child\" data-id=\"717e98b\" data-element_type=\"container\" data-settings=\"{&quot;content_width&quot;:&quot;full&quot;,&quot;container_type&quot;:&quot;flex&quot;}\">\n\t\t\t\t<div class=\"elementor-element elementor-element-44e4239 elementor-widget elementor-widget-image\" data-id=\"44e4239\" data-element_type=\"widget\" data-widget_type=\"image.default\">\n\t\t\t\t<div class=\"elementor-widget-container\">\n\t\t\t\t\t\t\t\t\t\t\t\t\t\t\t<img loading=\"lazy\" decoding=\"async\" width=\"800\" height=\"600\" src=\"https:\/\/pousadavargemdocedro.com.br\/site\/wp-content\/uploads\/2023\/10\/pe-da-serra-1024x768.jpg\" class=\"attachment-large size-large wp-image-4050\" alt=\"\" srcset=\"https:\/\/pousadavargemdocedro.com.br\/site\/wp-content\/uploads\/2023\/10\/pe-da-serra-1024x768.jpg 1024w, https:\/\/pousadavargemdocedro.com.br\/site\/wp-content\/uploads\/2023\/10\/pe-da-serra-300x225.jpg 300w, https:\/\/pousadavargemdocedro.com.br\/site\/wp-content\/uploads\/2023\/10\/pe-da-serra-768x576.jpg 768w, https:\/\/pousadavargemdocedro.com.br\/site\/wp-content\/uploads\/2023\/10\/pe-da-serra.jpg 1360w\" sizes=\"auto, (max-width: 800px) 100vw, 800px\" \/>\t\t\t\t\t\t\t\t\t\t\t\t\t\t\t<\/div>\n\t\t\t\t<\/div>\n\t\t\t\t<div class=\"elementor-element elementor-element-aefa2df elementor-widget elementor-widget-heading\" data-id=\"aefa2df\" data-element_type=\"widget\" data-widget_type=\"heading.default\">\n\t\t\t\t<div class=\"elementor-widget-container\">\n\t\t\t<h2 class=\"elementor-heading-title elementor-size-default\">Restaurante P\u00e9 da Serra<\/h2>\t\t<\/div>\n\t\t\t\t<\/div>\n\t\t\t\t<div class=\"elementor-element elementor-element-f9bcce8 elementor-widget elementor-widget-text-editor\" data-id=\"f9bcce8\" data-element_type=\"widget\" data-widget_type=\"text-editor.default\">\n\t\t\t\t<div class=\"elementor-widget-container\">\n\t\t\t\t\t\t\t<p>Endere\u00e7o: Rodovia Mg- 442 Pe da serra, Belo Vale &#8211; MG, 35473-000<\/p><p>\u00c9 um restaurante com uma historia bem interessante, a comida \u00e9 deliciosa, o almo\u00e7o \u00e9 em meio a muita natureza.<\/p><p>\u00a0<\/p><p>\u00a0<\/p>\t\t\t\t\t\t<\/div>\n\t\t\t\t<\/div>\n\t\t\t\t<\/div>\n\t\t\t\t<\/div>\n\t\t\t\t\t<\/div>\n\t\t\t\t<\/div>\n\t\t<div class=\"elementor-element elementor-element-3023467 e-flex e-con-boxed e-con e-parent\" data-id=\"3023467\" data-element_type=\"container\" data-settings=\"{&quot;container_type&quot;:&quot;flex&quot;,&quot;content_width&quot;:&quot;boxed&quot;}\" data-core-v316-plus=\"true\">\n\t\t\t\t\t<div class=\"e-con-inner\">\n\t\t<div class=\"elementor-element elementor-element-b054d65 e-con-full e-flex e-con e-child\" data-id=\"b054d65\" data-element_type=\"container\" data-settings=\"{&quot;content_width&quot;:&quot;full&quot;,&quot;container_type&quot;:&quot;flex&quot;}\">\n\t\t<div class=\"elementor-element elementor-element-8244740 e-con-full e-flex e-con e-child\" data-id=\"8244740\" data-element_type=\"container\" data-settings=\"{&quot;content_width&quot;:&quot;full&quot;,&quot;container_type&quot;:&quot;flex&quot;}\">\n\t\t\t\t<div class=\"elementor-element elementor-element-3cc59c1 elementor-widget elementor-widget-image\" data-id=\"3cc59c1\" data-element_type=\"widget\" data-widget_type=\"image.default\">\n\t\t\t\t<div class=\"elementor-widget-container\">\n\t\t\t\t\t\t\t\t\t\t\t\t\t\t\t<img loading=\"lazy\" decoding=\"async\" width=\"500\" height=\"300\" src=\"https:\/\/pousadavargemdocedro.com.br\/site\/wp-content\/uploads\/2023\/11\/varandao.jpg\" class=\"attachment-large size-large wp-image-4215\" alt=\"\" srcset=\"https:\/\/pousadavargemdocedro.com.br\/site\/wp-content\/uploads\/2023\/11\/varandao.jpg 500w, https:\/\/pousadavargemdocedro.com.br\/site\/wp-content\/uploads\/2023\/11\/varandao-300x180.jpg 300w\" sizes=\"auto, (max-width: 500px) 100vw, 500px\" \/>\t\t\t\t\t\t\t\t\t\t\t\t\t\t\t<\/div>\n\t\t\t\t<\/div>\n\t\t\t\t<div class=\"elementor-element elementor-element-2083a74 elementor-widget elementor-widget-heading\" data-id=\"2083a74\" data-element_type=\"widget\" data-widget_type=\"heading.default\">\n\t\t\t\t<div class=\"elementor-widget-container\">\n\t\t\t<h2 class=\"elementor-heading-title elementor-size-default\">Varand\u00e3o Espa\u00e7o Gourmet<\/h2>\t\t<\/div>\n\t\t\t\t<\/div>\n\t\t\t\t<div class=\"elementor-element elementor-element-ffac0cc elementor-widget elementor-widget-text-editor\" data-id=\"ffac0cc\" data-element_type=\"widget\" data-widget_type=\"text-editor.default\">\n\t\t\t\t<div class=\"elementor-widget-container\">\n\t\t\t\t\t\t\t<p><br \/>Endere\u00e7o: MG-442, km17 &#8211; Belo Vale, MG, 35473-000<\/p><p>\u00a0<\/p><p>O menu deste restaurante \u00e9 recomendado para os amantes da culin\u00e1ria. N\u00e3o v\u00e1 embora sem experimentar pizza fascinante. Os funcion\u00e1rios s\u00e3o atentos e \u00e9 isso que torna restaurante Varand\u00e3o Espa\u00e7o Gourmet t\u00e3o agrad\u00e1vel.<\/p>\t\t\t\t\t\t<\/div>\n\t\t\t\t<\/div>\n\t\t\t\t<\/div>\n\t\t<div class=\"elementor-element elementor-element-b863920 e-con-full e-flex e-con e-child\" data-id=\"b863920\" data-element_type=\"container\" data-settings=\"{&quot;content_width&quot;:&quot;full&quot;,&quot;container_type&quot;:&quot;flex&quot;}\">\n\t\t\t\t<div class=\"elementor-element elementor-element-07d67b5 elementor-widget elementor-widget-image\" data-id=\"07d67b5\" data-element_type=\"widget\" data-widget_type=\"image.default\">\n\t\t\t\t<div class=\"elementor-widget-container\">\n\t\t\t\t\t\t\t\t\t\t\t\t\t\t\t<img loading=\"lazy\" decoding=\"async\" width=\"500\" height=\"300\" src=\"https:\/\/pousadavargemdocedro.com.br\/site\/wp-content\/uploads\/2023\/11\/pordosol.jpg\" class=\"attachment-large size-large wp-image-4200\" alt=\"\" srcset=\"https:\/\/pousadavargemdocedro.com.br\/site\/wp-content\/uploads\/2023\/11\/pordosol.jpg 500w, https:\/\/pousadavargemdocedro.com.br\/site\/wp-content\/uploads\/2023\/11\/pordosol-300x180.jpg 300w\" sizes=\"auto, (max-width: 500px) 100vw, 500px\" \/>\t\t\t\t\t\t\t\t\t\t\t\t\t\t\t<\/div>\n\t\t\t\t<\/div>\n\t\t\t\t<div class=\"elementor-element elementor-element-0e1df0b elementor-widget elementor-widget-heading\" data-id=\"0e1df0b\" data-element_type=\"widget\" data-widget_type=\"heading.default\">\n\t\t\t\t<div class=\"elementor-widget-container\">\n\t\t\t<h2 class=\"elementor-heading-title elementor-size-default\">Por do Sol no Muro dos Escravos<\/h2>\t\t<\/div>\n\t\t\t\t<\/div>\n\t\t\t\t<div class=\"elementor-element elementor-element-cb61832 elementor-widget elementor-widget-text-editor\" data-id=\"cb61832\" data-element_type=\"widget\" data-widget_type=\"text-editor.default\">\n\t\t\t\t<div class=\"elementor-widget-container\">\n\t\t\t\t\t\t\t<p>Povoado de Boa Morte &#8211; Belo Vale &#8211; MG<\/p><p>Por do Sol maravilhoso.<\/p>\t\t\t\t\t\t<\/div>\n\t\t\t\t<\/div>\n\t\t\t\t<\/div>\n\t\t\t\t<\/div>\n\t\t\t\t\t<\/div>\n\t\t\t\t<\/div>\n\t\t<div class=\"elementor-element elementor-element-b004ee6 e-flex e-con-boxed e-con e-parent\" data-id=\"b004ee6\" data-element_type=\"container\" data-settings=\"{&quot;container_type&quot;:&quot;flex&quot;,&quot;content_width&quot;:&quot;boxed&quot;}\" data-core-v316-plus=\"true\">\n\t\t\t\t\t<div class=\"e-con-inner\">\n\t\t<div class=\"elementor-element elementor-element-c8d3e37 e-con-full e-flex e-con e-child\" data-id=\"c8d3e37\" data-element_type=\"container\" data-settings=\"{&quot;content_width&quot;:&quot;full&quot;,&quot;container_type&quot;:&quot;flex&quot;}\">\n\t\t<div class=\"elementor-element elementor-element-ca1a356 e-con-full e-flex e-con e-child\" data-id=\"ca1a356\" data-element_type=\"container\" data-settings=\"{&quot;content_width&quot;:&quot;full&quot;,&quot;container_type&quot;:&quot;flex&quot;}\">\n\t\t\t\t<div class=\"elementor-element elementor-element-4be64c9 elementor-widget elementor-widget-image\" data-id=\"4be64c9\" data-element_type=\"widget\" data-widget_type=\"image.default\">\n\t\t\t\t<div class=\"elementor-widget-container\">\n\t\t\t\t\t\t\t\t\t\t\t\t\t\t\t<img loading=\"lazy\" decoding=\"async\" width=\"500\" height=\"300\" src=\"https:\/\/pousadavargemdocedro.com.br\/site\/wp-content\/uploads\/2023\/11\/escravos.jpg\" class=\"attachment-large size-large wp-image-4204\" alt=\"\" srcset=\"https:\/\/pousadavargemdocedro.com.br\/site\/wp-content\/uploads\/2023\/11\/escravos.jpg 500w, https:\/\/pousadavargemdocedro.com.br\/site\/wp-content\/uploads\/2023\/11\/escravos-300x180.jpg 300w\" sizes=\"auto, (max-width: 500px) 100vw, 500px\" \/>\t\t\t\t\t\t\t\t\t\t\t\t\t\t\t<\/div>\n\t\t\t\t<\/div>\n\t\t\t\t<\/div>\n\t\t<div class=\"elementor-element elementor-element-5b23a9b e-con-full e-flex e-con e-child\" data-id=\"5b23a9b\" data-element_type=\"container\" data-settings=\"{&quot;content_width&quot;:&quot;full&quot;,&quot;container_type&quot;:&quot;flex&quot;}\">\n\t\t\t\t<div class=\"elementor-element elementor-element-e20007e elementor-widget elementor-widget-heading\" data-id=\"e20007e\" data-element_type=\"widget\" data-widget_type=\"heading.default\">\n\t\t\t\t<div class=\"elementor-widget-container\">\n\t\t\t<h2 class=\"elementor-heading-title elementor-size-default\">Museu do Escravo<\/h2>\t\t<\/div>\n\t\t\t\t<\/div>\n\t\t\t\t<div class=\"elementor-element elementor-element-9e09f64 elementor-widget elementor-widget-text-editor\" data-id=\"9e09f64\" data-element_type=\"widget\" data-widget_type=\"text-editor.default\">\n\t\t\t\t<div class=\"elementor-widget-container\">\n\t\t\t\t\t\t\t<p>Belo Vale &#8211; MG<\/p><p>O Museu do Escravo situado em Belo Vale \u00e9 uma institui\u00e7\u00e3o \u00fanica no pa\u00eds. Dedicado \u00e0 reflex\u00e3o sobre a escravid\u00e3o brasileira, O Museu do Escravo foi criado oficialmente em 10 de abril de 1975 atrav\u00e9s da Lei Municipal N\u00ba 501\/75, a partir da mobiliza\u00e7\u00e3o criada pelo belo-valense Pe.<\/p>\t\t\t\t\t\t<\/div>\n\t\t\t\t<\/div>\n\t\t\t\t<\/div>\n\t\t\t\t<\/div>\n\t\t\t\t\t<\/div>\n\t\t\t\t<\/div>\n\t\t\t\t\t\t\t<\/div>\n\t\t","protected":false},"excerpt":{"rendered":"<p>Pontos Tur\u00edsticos &#8220;O para\u00edso \u00e9 uma quest\u00e3o pessoal.&#8221;&#8221;O para\u00edso \u00e9 uma quest\u00e3o pessoal.&#8221; Cachoeira Boa Esperan\u00e7a Endere\u00e7o: Belo Vale, MG, 35473-000 Cachoeira do Mascate Endere\u00e7o: MG-442 &#8211; Belo Vale, MG, 35473-000 Cachoeira do Gerald\u00e3o Endere\u00e7o: Belo Vale &#8211; MG, 35473-000 Quilombo da Chacrinha Comunidade Quilombola Chacrinha dos Pretos reconhecida como Patrim\u00f4nio Cultural Imaterial de Belo [&hellip;]<\/p>\n","protected":false},"author":1,"featured_media":0,"parent":0,"menu_order":0,"comment_status":"closed","ping_status":"closed","template":"elementor_header_footer","meta":{"footnotes":""},"class_list":["post-3676","page","type-page","status-publish","hentry"],"_links":{"self":[{"href":"https:\/\/pousadavargemdocedro.com.br\/site\/wp-json\/wp\/v2\/pages\/3676","targetHints":{"allow":["GET"]}}],"collection":[{"href":"https:\/\/pousadavargemdocedro.com.br\/site\/wp-json\/wp\/v2\/pages"}],"about":[{"href":"https:\/\/pousadavargemdocedro.com.br\/site\/wp-json\/wp\/v2\/types\/page"}],"author":[{"embeddable":true,"href":"https:\/\/pousadavargemdocedro.com.br\/site\/wp-json\/wp\/v2\/users\/1"}],"replies":[{"embeddable":true,"href":"https:\/\/pousadavargemdocedro.com.br\/site\/wp-json\/wp\/v2\/comments?post=3676"}],"version-history":[{"count":0,"href":"https:\/\/pousadavargemdocedro.com.br\/site\/wp-json\/wp\/v2\/pages\/3676\/revisions"}],"wp:attachment":[{"href":"https:\/\/pousadavargemdocedro.com.br\/site\/wp-json\/wp\/v2\/media?parent=3676"}],"curies":[{"name":"wp","href":"https:\/\/api.w.org\/{rel}","templated":true}]}}